{"id":2857,"date":"2016-04-06T07:47:04","date_gmt":"2016-04-06T07:47:04","guid":{"rendered":"https:\/\/www.contem.es\/servicios\/fiscal\/"},"modified":"2020-03-12T10:39:23","modified_gmt":"2020-03-12T10:39:23","slug":"fiscal","status":"publish","type":"page","link":"https:\/\/www.contem.es\/es\/servicios\/fiscal\/","title":{"rendered":"Fiscal"},"content":{"rendered":"<section class=\"wpb-content-wrapper\"><p>[vc_row el_class=\u00bbpage-info\u00bb][vc_column width=\u00bb2\/3&#8243;][vc_column_text css=\u00bb.vc_custom_1462428509789{margin-bottom: 0px !important;padding-bottom: 0px !important;}\u00bb]<\/p>\n<h1>Fiscal<\/h1>\n<p>[\/vc_column_text][vc_column_text]Planificamos su fiscalidad y le asesoramos para que tribute lo estrictamente legal y necesario. Defendemos y representamos los intereses de sociedades, empresas y particulares para liberarlos de la presi\u00f3n burocr\u00e1tica.[\/vc_column_text][vc_separator color=\u00bbcustom\u00bb border_width=\u00bb2&#8243; accent_color=\u00bb#432d2f\u00bb][vc_column_text el_class=\u00bbintro-tab\u00bb]<\/p>\n<h3>Gesti\u00f3n<\/h3>\n<div class=\"info-content\">\n<p>Nos encargamos de presentar las declaraciones pertinentes y de cumplir con sus obligaciones fiscales. Agilizamos los tr\u00e1mites que comporta su actividad a nivel de tramitaciones y procesos administrativos.<\/p>\n<\/div>\n<p>[\/vc_column_text][vc_tta_accordion active_section=\u00bb0&#8243; collapsible_all=\u00bbtrue\u00bb][vc_tta_section title=\u00bbinfo\u00bb tab_id=\u00bb1464597716714-7dde7c36-8619&#8243;][vc_column_text]<\/p>\n<div class=\"info-content\">\n<h4>Nos hacemos cargo de sus declaraciones fiscales peri\u00f3dicas:<\/h4>\n<ul>\n<li>Preparamos todos los documentos para cumplir con las liquidaciones y declaraciones de IVA de particulares, instituciones, empresas y organismos:\n<ul class=\"sub-list\">\n<li>Autoliquidaci\u00f3n<\/li>\n<li>Declaraciones informativas de operaciones incluidas en los libros de registro<\/li>\n<li>Operaciones con terceras personas<\/li>\n<\/ul>\n<\/li>\n<li>Elaboramos certificados de retenci\u00f3n sobre arrendamientos, intereses de pr\u00e9stamos, trabajadores y profesionales.<\/li>\n<li>Proyectamos y gestionamos los pagos fraccionados de empresarios y profesionales en estimaci\u00f3n directa y objetiva (m\u00f3dulos).<\/li>\n<li>Tambi\u00e9n nos encargamos de operaciones intracomunitarias como:\n<ul class=\"sub-list\">\n<li>Declaraciones recapitulativas de operaciones intracomunitarias<\/li>\n<li>Intrastat<\/li>\n<\/ul>\n<\/li>\n<li>Gestionamos el <a href=\"http:\/\/www.contem.es\/es\/impuesto-sobre-sociedades\/\">Impuesto sobre Sociedades<\/a> y pagos fraccionados de peque\u00f1as, medianas y grandes empresas, as\u00ed como de empresas familiares.<\/li>\n<li>Calculamos el Impuesto sobre la Renta de personas No Residentes para que se beneficien de sus especificidades:\n<ul class=\"sub-list\">\n<li>Gravamen especial sobre bienes inmuebles en entidades no residentes<\/li>\n<li>Retenciones a no residentes<\/li>\n<\/ul>\n<\/li>\n<li>Efectuamos la Declaraci\u00f3n de la Renta y Patrimonio, la Declaraci\u00f3n informativa sobre bienes y derechos situados en el extranjero y la Declaraci\u00f3n informativa de donativos, donaciones y aportaciones recibidas.<\/li>\n<li>Tambi\u00e9n gestionamos a entidades en atribuci\u00f3n de rentas.<\/li>\n<\/ul>\n<h4>Elaboramos las declaraciones fiscales no peri\u00f3dicas de nuestros clientes:<\/h4>\n<ul>\n<li>Comunicamos el alta, modificaci\u00f3n y baja del censo de Obligaciones tributarias.<\/li>\n<li>Gestionamos la Declaraci\u00f3n del Impuesto sobre Actividades Econ\u00f3micas.<\/li>\n<li>Preparamos la Liquidaci\u00f3n del impuesto sobre Sucesiones y Donaciones (herencias y donativos).<\/li>\n<li>Nos encargamos de la solicitud de devoluci\u00f3n del R\u00e9gimen Especial del Recargo Equivalencia y de la solicitud de devoluci\u00f3n IVA soportado fuera del Estado.<\/li>\n<\/ul>\n<h4>Gestionamos la obtenci\u00f3n de certificados AEAT:<\/h4>\n<ul>\n<li>Contratistas y subcontratistas<\/li>\n<li>Situaci\u00f3n censal<\/li>\n<li>Corriente de obligaciones tributarias<\/li>\n<li>De Actividades Econ\u00f3micas<\/li>\n<\/ul>\n<\/div>\n<p>[\/vc_column_text][\/vc_tta_section][\/vc_tta_accordion][vc_separator color=\u00bbcustom\u00bb border_width=\u00bb2&#8243; accent_color=\u00bb#432d2f\u00bb][vc_column_text el_class=\u00bbintro-tab\u00bb]<\/p>\n<h3>Asesoramiento<\/h3>\n<div class=\"info-content\">\n<p>Solucionamos sus dudas y contribuimos en la planificaci\u00f3n de la fiscalidad. Estamos siempre a su lado en su d\u00eda a d\u00eda y en la toma de las decisiones m\u00e1s importantes.<\/p>\n<\/div>\n<p>[\/vc_column_text][vc_tta_accordion active_section=\u00bb0&#8243; collapsible_all=\u00bbtrue\u00bb][vc_tta_section title=\u00bbinfo\u00bb tab_id=\u00bb1464599595000-1ede3edf-762c\u00bb][vc_column_text]<\/p>\n<div class=\"info-content\">\n<h4>Aportamos conocimiento en materia de fiscalidad general en sociedades, aut\u00f3nomos y entidades no lucrativas tanto en el \u00e1mbito estatal como en el auton\u00f3mico y local. Asesoramos a sociedades internacionales y grupos familiares de forma permanente:<\/h4>\n<ul>\n<li>Identificamos las obligaciones fiscales seg\u00fan las actividades econ\u00f3micas realizadas<\/li>\n<li>Determinamos el r\u00e9gimen fiscal m\u00e1s adecuado: realizamos una estimaci\u00f3n directa normal, simplificada y objetiva (m\u00f3dulos).<\/li>\n<li>Asesoramos al cliente en el cumplimiento de las obligaciones aplicando las opciones legales m\u00e1s ventajosas.<\/li>\n<li>Ayudamos a recuperar los impuestos:\n<ul class=\"sub-list\">\n<li>Devoluci\u00f3n del IVA y rebaja en el Impuesto sobre Sociedades por impagos.<\/li>\n<li>Aplicaci\u00f3n del r\u00e9gimen de devoluci\u00f3n mensual del IVA<\/li>\n<li>Devoluci\u00f3n del c\u00e9ntimo sanitario<\/li>\n<li>Gas\u00f3leo agr\u00edcola y profesional<\/li>\n<\/ul>\n<\/li>\n<li>Buscamos la aplicaci\u00f3n de ventajas fiscales seg\u00fan el tipo de empresa o sociedad:\n<ul class=\"sub-list\">\n<li>Ventajas fiscales para empresas de nueva creaci\u00f3n, de dimensi\u00f3n reducida y entidades sociales no lucrativas.<\/li>\n<li>Ayudas p\u00fablicas para proyectos de I+D+i\n<ul class=\"sub-list2\">\n<li>Deducciones fiscales por I+D+i<\/li>\n<li>Bonificaciones de la Seguridad Social a personal investigador<\/li>\n<li>Patent Box<\/li>\n<\/ul>\n<\/li>\n<\/ul>\n<\/li>\n<li>Elaboramos la planificaci\u00f3n fiscal de empresas familiares, grupos de sociedades, profesionales y directivos. Tambi\u00e9n asesoramos en t\u00e9rminos de sucesiones y donaciones.<\/li>\n<li>Supervisamos procesos de reestructuraci\u00f3n empresarial: fusiones y escisiones.<\/li>\n<\/ul>\n<h4>Nuestro equipo consta de profesionales expertos en fiscalidad sectorial. Asesoramos a empresas de todas las medidas que desarrollen las siguientes actividades:<\/h4>\n<ul>\n<li>Empresas industriales<\/li>\n<li>Empresas comerciales<\/li>\n<li>Distribuidores<\/li>\n<li>Inmobiliarias<\/li>\n<li>Profesionales<\/li>\n<li>Empresas vitivin\u00edcolas<\/li>\n<li>Agencias de viajes<\/li>\n<li>E-commerce<\/li>\n<li>Empresas concesionarias<\/li>\n<li>Empresas con actividad internacional<\/li>\n<li>Escuelas<\/li>\n<li>Actividades sin \u00e1nimo de lucro<\/li>\n<li>Actividades en r\u00e9gimen especial de los bienes usados<\/li>\n<li>Actividades agr\u00edcolas<\/li>\n<\/ul>\n<h4>Ponemos a su servicio un equipo de profesionales que tratan con confidencialidad y exactitud la fiscalidad internacional. Aconsejamos a nuestros clientes en materia de:<\/h4>\n<ul>\n<li>Tributaci\u00f3n de inversiones extranjeras<\/li>\n<li>Operaciones intracomunitarias y fuera de la comunidad, as\u00ed como operaciones triangulares.<\/li>\n<li>Asesoramiento a clientes no residentes en la tributaci\u00f3n y retenciones, rendimientos salariales, alquileres y dividendos. Les aconsejamos seg\u00fan el r\u00e9gimen especial de declaraci\u00f3n de la renta y les informamos sobre la tributaci\u00f3n de inmuebles y bienes en el extranjero.<\/li>\n<\/ul>\n<\/div>\n<p>[\/vc_column_text][\/vc_tta_section][\/vc_tta_accordion][vc_separator color=\u00bbcustom\u00bb border_width=\u00bb2&#8243; accent_color=\u00bb#432d2f\u00bb][vc_column_text el_class=\u00bbintro-tab\u00bb]<\/p>\n<h3>Representaci\u00f3n<\/h3>\n<div class=\"info-content\">\u00c1giles y diligentes. Respondemos los escritos y defendemos los criterios susceptibles de interpretaci\u00f3n. Representamos a nuestros clientes ante la Administraci\u00f3n Tributaria, protegiendo sus intereses y velando por la buena relaci\u00f3n con la Instituci\u00f3n.<\/div>\n<p>[\/vc_column_text][vc_tta_accordion active_section=\u00bb0&#8243; collapsible_all=\u00bbtrue\u00bb][vc_tta_section title=\u00bbinfo\u00bb tab_id=\u00bb1464599710547-020411cb-cc54&#8243;][vc_column_text]<\/p>\n<div class=\"info-content\">\n<ul>\n<li>Asesoramos durante todo el Procedimiento Tributario:\n<ul class=\"sub-list\">\n<li>Contestamos a requerimientos o solicitudes de informaci\u00f3n.<\/li>\n<li>Presentamos alegaciones e interponemos recursos de reposici\u00f3n y reclamaciones al tribunal econ\u00f3mico administrativo.<\/li>\n<li>Prestamos asistencia en inspecciones fiscales.<\/li>\n<li>Prestamos asistencia en procesos de recaudaci\u00f3n<\/li>\n<li>Rectificamos las autoliquidaciones.<\/li>\n<\/ul>\n<\/li>\n<li>Representamos a personas, entidades e instituciones en las notificaciones electr\u00f3nicas obligatorias. Vigilamos permanentemente la entrada de notificaciones electr\u00f3nicas y gestionamos eficientemente los plazos de apertura de las mismas.<\/li>\n<li>Acompa\u00f1amos en la obtenci\u00f3n de la firma digital.<\/li>\n<li>Controlamos la gesti\u00f3n de autorizaci\u00f3n del despacho aduanero.<\/li>\n<li>Negociamos con la administraci\u00f3n seg\u00fan los intereses pactados:\n<ul class=\"sub-list\">\n<li>Aplazamientos y fraccionamientos de pago de impuestos con y sin presentaci\u00f3n de garant\u00edas.<\/li>\n<li>Reconsideraciones de deudas aplazadas<\/li>\n<li>Planes de amortizaci\u00f3n<\/li>\n<\/ul>\n<\/li>\n<li>Presentamos consultas vinculantes a la Administraci\u00f3n Tributaria.<\/li>\n<\/ul>\n<\/div>\n<p>[\/vc_column_text][\/vc_tta_section][\/vc_tta_accordion][vc_separator color=\u00bbcustom\u00bb border_width=\u00bb2&#8243; accent_color=\u00bb#432d2f\u00bb][\/vc_column][vc_column width=\u00bb1\/3&#8243; css=\u00bb.vc_custom_1465911807690{margin-right: 0px !important;border-right-width: 0px !important;padding-right: 0px !important;}\u00bb][vc_row_inner][vc_column_inner el_class=\u00bbtransparent-block\u00bb][vc_column_text el_class=\u00bbblock-header\u00bb]Noticias[\/vc_column_text][vc_column_text]<ul id='sp57035bbbe70e8' class='super-post template-left'><li ><div class='sp-post-info'><a class='sp-title' data-id='7029' href='https:\/\/www.contem.es\/es\/activos-de-escaso-valor\/'>Activos de escaso...<\/a><br \/><span class='sp-date sp-noicon'>26\/11\/25<\/span><p class=\"sp-content\">#content .row&gt;div&gt;img.img-responsive, #content .row&gt;div&gt;img.text-img{display: none;}#content div &gt; .cont-new-body... <a class='sp-more' href='https:\/\/www.contem.es\/es\/activos-de-escaso-valor\/'>+ Info<\/a><\/p><\/div><\/li><\/ul><div class='sp-load-more' data-id='sp57035bbbe70e8' data-post-id='2857' data-load='none' data-offset='1' data-custom=''><\/div>[\/vc_column_text][\/vc_column_inner][\/vc_row_inner][vc_row_inner][vc_column_inner el_class=\u00bbtransparent-block\u00bb][vc_column_text el_class=\u00bbblock-header\u00bb]Noticias[\/vc_column_text][vc_column_text]<ul id='sp57035bbbe70e8' class='super-post template-left'><li ><div class='sp-post-info'><a class='sp-title' data-id='6282' href='https:\/\/www.contem.es\/es\/dietas-para-administradores\/'>Dietas para administradores<\/a><br \/><span class='sp-date sp-noicon'>20\/05\/25<\/span><p class=\"sp-content\">Cuando un empleado se desplaza fuera de su... <a class='sp-more' href='https:\/\/www.contem.es\/es\/dietas-para-administradores\/'>+ Info<\/a><\/p><\/div><\/li><\/ul><div class='sp-load-more' data-id='sp57035bbbe70e8' data-post-id='7029' data-load='none' data-offset='1' data-custom=''><\/div>[\/vc_column_text][\/vc_column_inner][\/vc_row_inner][vc_row_inner][vc_column_inner el_class=\u00bbdark-block\u00bb][vc_column_text css=\u00bb.vc_custom_1584007327438{background-color: #432d2f !important;}\u00bb]<\/p>\n<h3><a href=\"http:\/\/www.contem.es\/es\/contacto\/\">Si tiene dudas ll\u00e1menos<\/a><\/h3>\n<p>[\/vc_column_text]<div class=\"ult-just-icon-wrapper  \"><div class=\"align-icon\" style=\"text-align:center;\">\n<a class=\"aio-tooltip 69f2adc593528\" href=\"http:\/\/contem.es\/contacte\/\"  data-toggle=\"tooltip\" data-placement=\"\"><div class=\"aio-icon none \"  style=\"color:#ffffff;font-size:40px;display:inline-block;\">\n\t<i class=\"Defaults-phone\"><\/i>\n<\/div><\/a><\/div><\/div>[\/vc_column_inner][\/vc_row_inner][\/vc_column][\/vc_row][vc_row][vc_column][vc_empty_space height=\u00bb50px\u00bb][\/vc_column][\/vc_row][vc_row css=\u00bb.vc_custom_1460021339397{padding-right: 5px !important;padding-left: 5px !important;}\u00bb][vc_column width=\u00bb1\/3&#8243; el_class=\u00bbhome-block02 home-column-right\u00bb css=\u00bb.vc_custom_1465557502252{margin-right: 0px !important;padding-right: 0px !important;}\u00bb][\/vc_column][vc_column width=\u00bb1\/3&#8243; el_class=\u00bbcontent-blocks\u00bb][\/vc_column][vc_column width=\u00bb1\/3&#8243; css=\u00bb.vc_custom_1465557474986{padding-right: 0px !important;padding-left: 10px !important;}\u00bb][\/vc_column][\/vc_row][vc_row][vc_column][vc_empty_space height=\u00bb50px\u00bb][\/vc_column][\/vc_row]<\/p>\n<\/section>","protected":false},"excerpt":{"rendered":"<p>[vc_row el_class=&raquo;page-info&raquo;][vc_column width=&raquo;2\/3&Prime;][vc_column_text css=&raquo;.vc_custom_1462428509789{margin-bottom: 0px !important;padding-bottom: 0px !important;}&raquo;] Fiscal [\/vc_column_text][vc_column_text]Planificamos su fiscalidad y le asesoramos para que tribute lo estrictamente legal y necesario. Defendemos y representamos los intereses de sociedades, empresas y particulares para liberarlos de la presi&oacute;n burocr&aacute;tica.[\/vc_column_text][vc_separator color=&raquo;custom&raquo; border_width=&raquo;2&Prime; accent_color=&raquo;#432d2f&raquo;][vc_column_text el_class=&raquo;intro-tab&raquo;] Gesti&oacute;n Nos encargamos de presentar las declaraciones pertinentes y de cumplir con [&hellip;]<\/p>\n","protected":false},"author":2,"featured_media":0,"parent":2852,"menu_order":0,"comment_status":"closed","ping_status":"closed","template":"","meta":{"footnotes":""},"class_list":["post-2857","page","type-page","status-publish","hentry"],"yoast_head":"<!-- This site is optimized with the Yoast SEO plugin v27.4 - https:\/\/yoast.com\/product\/yoast-seo-wordpress\/ -->\n<title>Fiscal | Contem Assessors<\/title>\n<meta name=\"robots\" content=\"index, follow, max-snippet:-1, max-image-preview:large, max-video-preview:-1\" \/>\n<link rel=\"canonical\" href=\"https:\/\/www.contem.es\/es\/servicios\/fiscal\/\" \/>\n<meta property=\"og:locale\" content=\"es_ES\" \/>\n<meta property=\"og:type\" content=\"article\" \/>\n<meta property=\"og:title\" content=\"Fiscal | Contem Assessors\" \/>\n<meta property=\"og:description\" content=\"[vc_row el_class=&raquo;page-info&raquo;][vc_column width=&raquo;2\/3&Prime;][vc_column_text css=&raquo;.vc_custom_1462428509789{margin-bottom: 0px !important;padding-bottom: 0px !important;}&raquo;] Fiscal [\/vc_column_text][vc_column_text]Planificamos su fiscalidad y le asesoramos para que tribute lo estrictamente legal y necesario. Defendemos y representamos los intereses de sociedades, empresas y particulares para liberarlos de la presi&oacute;n burocr&aacute;tica.[\/vc_column_text][vc_separator color=&raquo;custom&raquo; border_width=&raquo;2&Prime; accent_color=&raquo;#432d2f&raquo;][vc_column_text el_class=&raquo;intro-tab&raquo;] Gesti&oacute;n Nos encargamos de presentar las declaraciones pertinentes y de cumplir con [&hellip;]\" \/>\n<meta property=\"og:url\" content=\"https:\/\/www.contem.es\/es\/servicios\/fiscal\/\" \/>\n<meta property=\"og:site_name\" content=\"Contem Assessors\" \/>\n<meta property=\"article:modified_time\" content=\"2020-03-12T10:39:23+00:00\" \/>\n<meta property=\"og:image\" content=\"https:\/\/www.contem.es\/wp-content\/uploads\/2016\/06\/touch-icon-contem.png\" \/>\n<meta name=\"twitter:card\" content=\"summary_large_image\" \/>\n<meta name=\"twitter:site\" content=\"@contemassessors\" \/>\n<meta name=\"twitter:label1\" content=\"Tiempo de lectura\" \/>\n\t<meta name=\"twitter:data1\" content=\"8 minutos\" \/>\n<script type=\"application\/ld+json\" class=\"yoast-schema-graph\">{\"@context\":\"https:\\\/\\\/schema.org\",\"@graph\":[{\"@type\":\"WebPage\",\"@id\":\"https:\\\/\\\/www.contem.es\\\/es\\\/servicios\\\/fiscal\\\/\",\"url\":\"https:\\\/\\\/www.contem.es\\\/es\\\/servicios\\\/fiscal\\\/\",\"name\":\"Fiscal | Contem Assessors\",\"isPartOf\":{\"@id\":\"https:\\\/\\\/www.contem.es\\\/es\\\/#website\"},\"datePublished\":\"2016-04-06T07:47:04+00:00\",\"dateModified\":\"2020-03-12T10:39:23+00:00\",\"breadcrumb\":{\"@id\":\"https:\\\/\\\/www.contem.es\\\/es\\\/servicios\\\/fiscal\\\/#breadcrumb\"},\"inLanguage\":\"es\",\"potentialAction\":[{\"@type\":\"ReadAction\",\"target\":[\"https:\\\/\\\/www.contem.es\\\/es\\\/servicios\\\/fiscal\\\/\"]}]},{\"@type\":\"BreadcrumbList\",\"@id\":\"https:\\\/\\\/www.contem.es\\\/es\\\/servicios\\\/fiscal\\\/#breadcrumb\",\"itemListElement\":[{\"@type\":\"ListItem\",\"position\":1,\"name\":\"Inici\",\"item\":\"https:\\\/\\\/www.contem.es\\\/es\\\/\"},{\"@type\":\"ListItem\",\"position\":2,\"name\":\"Servicios\",\"item\":\"https:\\\/\\\/www.contem.es\\\/es\\\/servicios\\\/\"},{\"@type\":\"ListItem\",\"position\":3,\"name\":\"Fiscal\"}]},{\"@type\":\"WebSite\",\"@id\":\"https:\\\/\\\/www.contem.es\\\/es\\\/#website\",\"url\":\"https:\\\/\\\/www.contem.es\\\/es\\\/\",\"name\":\"Contem Assessors\",\"description\":\"Fiscal, comptable , laboral , jur\u00eddic , econ\u00f2mic i assegurances\",\"publisher\":{\"@id\":\"https:\\\/\\\/www.contem.es\\\/es\\\/#organization\"},\"potentialAction\":[{\"@type\":\"SearchAction\",\"target\":{\"@type\":\"EntryPoint\",\"urlTemplate\":\"https:\\\/\\\/www.contem.es\\\/es\\\/?s={search_term_string}\"},\"query-input\":{\"@type\":\"PropertyValueSpecification\",\"valueRequired\":true,\"valueName\":\"search_term_string\"}}],\"inLanguage\":\"es\"},{\"@type\":\"Organization\",\"@id\":\"https:\\\/\\\/www.contem.es\\\/es\\\/#organization\",\"name\":\"Contem Assessors\",\"url\":\"https:\\\/\\\/www.contem.es\\\/es\\\/\",\"logo\":{\"@type\":\"ImageObject\",\"inLanguage\":\"es\",\"@id\":\"https:\\\/\\\/www.contem.es\\\/es\\\/#\\\/schema\\\/logo\\\/image\\\/\",\"url\":\"https:\\\/\\\/www.contem.es\\\/wp-content\\\/uploads\\\/2016\\\/06\\\/touch-icon-contem.png\",\"contentUrl\":\"https:\\\/\\\/www.contem.es\\\/wp-content\\\/uploads\\\/2016\\\/06\\\/touch-icon-contem.png\",\"width\":120,\"height\":120,\"caption\":\"Contem Assessors\"},\"image\":{\"@id\":\"https:\\\/\\\/www.contem.es\\\/es\\\/#\\\/schema\\\/logo\\\/image\\\/\"},\"sameAs\":[\"https:\\\/\\\/x.com\\\/contemassessors\",\"https:\\\/\\\/www.linkedin.com\\\/company\\\/contem-assessors\"]}]}<\/script>\n<!-- \/ Yoast SEO plugin. -->","yoast_head_json":{"title":"Fiscal | Contem Assessors","robots":{"index":"index","follow":"follow","max-snippet":"max-snippet:-1","max-image-preview":"max-image-preview:large","max-video-preview":"max-video-preview:-1"},"canonical":"https:\/\/www.contem.es\/es\/servicios\/fiscal\/","og_locale":"es_ES","og_type":"article","og_title":"Fiscal | Contem Assessors","og_description":"[vc_row el_class=&raquo;page-info&raquo;][vc_column width=&raquo;2\/3&Prime;][vc_column_text css=&raquo;.vc_custom_1462428509789{margin-bottom: 0px !important;padding-bottom: 0px !important;}&raquo;] Fiscal [\/vc_column_text][vc_column_text]Planificamos su fiscalidad y le asesoramos para que tribute lo estrictamente legal y necesario. Defendemos y representamos los intereses de sociedades, empresas y particulares para liberarlos de la presi&oacute;n burocr&aacute;tica.[\/vc_column_text][vc_separator color=&raquo;custom&raquo; border_width=&raquo;2&Prime; accent_color=&raquo;#432d2f&raquo;][vc_column_text el_class=&raquo;intro-tab&raquo;] Gesti&oacute;n Nos encargamos de presentar las declaraciones pertinentes y de cumplir con [&hellip;]","og_url":"https:\/\/www.contem.es\/es\/servicios\/fiscal\/","og_site_name":"Contem Assessors","article_modified_time":"2020-03-12T10:39:23+00:00","og_image":[{"url":"https:\/\/www.contem.es\/wp-content\/uploads\/2016\/06\/touch-icon-contem.png","type":"","width":"","height":""}],"twitter_card":"summary_large_image","twitter_site":"@contemassessors","twitter_misc":{"Tiempo de lectura":"8 minutos"},"schema":{"@context":"https:\/\/schema.org","@graph":[{"@type":"WebPage","@id":"https:\/\/www.contem.es\/es\/servicios\/fiscal\/","url":"https:\/\/www.contem.es\/es\/servicios\/fiscal\/","name":"Fiscal | Contem Assessors","isPartOf":{"@id":"https:\/\/www.contem.es\/es\/#website"},"datePublished":"2016-04-06T07:47:04+00:00","dateModified":"2020-03-12T10:39:23+00:00","breadcrumb":{"@id":"https:\/\/www.contem.es\/es\/servicios\/fiscal\/#breadcrumb"},"inLanguage":"es","potentialAction":[{"@type":"ReadAction","target":["https:\/\/www.contem.es\/es\/servicios\/fiscal\/"]}]},{"@type":"BreadcrumbList","@id":"https:\/\/www.contem.es\/es\/servicios\/fiscal\/#breadcrumb","itemListElement":[{"@type":"ListItem","position":1,"name":"Inici","item":"https:\/\/www.contem.es\/es\/"},{"@type":"ListItem","position":2,"name":"Servicios","item":"https:\/\/www.contem.es\/es\/servicios\/"},{"@type":"ListItem","position":3,"name":"Fiscal"}]},{"@type":"WebSite","@id":"https:\/\/www.contem.es\/es\/#website","url":"https:\/\/www.contem.es\/es\/","name":"Contem Assessors","description":"Fiscal, comptable , laboral , jur\u00eddic , econ\u00f2mic i assegurances","publisher":{"@id":"https:\/\/www.contem.es\/es\/#organization"},"potentialAction":[{"@type":"SearchAction","target":{"@type":"EntryPoint","urlTemplate":"https:\/\/www.contem.es\/es\/?s={search_term_string}"},"query-input":{"@type":"PropertyValueSpecification","valueRequired":true,"valueName":"search_term_string"}}],"inLanguage":"es"},{"@type":"Organization","@id":"https:\/\/www.contem.es\/es\/#organization","name":"Contem Assessors","url":"https:\/\/www.contem.es\/es\/","logo":{"@type":"ImageObject","inLanguage":"es","@id":"https:\/\/www.contem.es\/es\/#\/schema\/logo\/image\/","url":"https:\/\/www.contem.es\/wp-content\/uploads\/2016\/06\/touch-icon-contem.png","contentUrl":"https:\/\/www.contem.es\/wp-content\/uploads\/2016\/06\/touch-icon-contem.png","width":120,"height":120,"caption":"Contem Assessors"},"image":{"@id":"https:\/\/www.contem.es\/es\/#\/schema\/logo\/image\/"},"sameAs":["https:\/\/x.com\/contemassessors","https:\/\/www.linkedin.com\/company\/contem-assessors"]}]}},"_links":{"self":[{"href":"https:\/\/www.contem.es\/es\/wp-json\/wp\/v2\/pages\/2857","targetHints":{"allow":["GET"]}}],"collection":[{"href":"https:\/\/www.contem.es\/es\/wp-json\/wp\/v2\/pages"}],"about":[{"href":"https:\/\/www.contem.es\/es\/wp-json\/wp\/v2\/types\/page"}],"author":[{"embeddable":true,"href":"https:\/\/www.contem.es\/es\/wp-json\/wp\/v2\/users\/2"}],"replies":[{"embeddable":true,"href":"https:\/\/www.contem.es\/es\/wp-json\/wp\/v2\/comments?post=2857"}],"version-history":[{"count":5,"href":"https:\/\/www.contem.es\/es\/wp-json\/wp\/v2\/pages\/2857\/revisions"}],"predecessor-version":[{"id":2880,"href":"https:\/\/www.contem.es\/es\/wp-json\/wp\/v2\/pages\/2857\/revisions\/2880"}],"up":[{"embeddable":true,"href":"https:\/\/www.contem.es\/es\/wp-json\/wp\/v2\/pages\/2852"}],"wp:attachment":[{"href":"https:\/\/www.contem.es\/es\/wp-json\/wp\/v2\/media?parent=2857"}],"curies":[{"name":"wp","href":"https:\/\/api.w.org\/{rel}","templated":true}]}}